{"id":7950,"date":"2018-05-28T07:49:04","date_gmt":"2018-05-28T11:49:04","guid":{"rendered":"https:\/\/www.atscontainers.com\/products\/mobile-offices\/custom-mobile-office-solutions\/"},"modified":"2025-10-31T16:17:51","modified_gmt":"2025-10-31T20:17:51","slug":"custom-mobile-office-solutions","status":"publish","type":"page","link":"https:\/\/www.atscontainers.com\/fr\/produits\/bureaux-mobiles\/product\/bureau-mobile-sur-mesure\/","title":{"rendered":"Bureau Mobile Sur Mesure"},"content":{"rendered":"<p>Le bureau mobile sur mesure peut \u00eatre enti\u00e8rement personnalis\u00e9 pour r\u00e9pondre aux besoins sp\u00e9cifiques de votre entreprise. Tous les \u00e9l\u00e9ments du conteneur sont adaptables, incluant, la grandeur du conteneur, les portes et fen\u00eatres, le type d\u2019isolation, la finition des murs, le plancher du conteneur, les composantes \u00e9lectriques, etc.<\/p>\n","protected":false},"excerpt":{"rendered":"<p>Le bureau mobile sur mesure peut \u00eatre enti\u00e8rement personnalis\u00e9 pour r\u00e9pondre aux besoins sp\u00e9cifiques de votre entreprise. Tous les \u00e9l\u00e9ments du conteneur sont adaptables, incluant, la grandeur du conteneur, les portes et fen\u00eatres, le type d\u2019isolation, la finition des murs, le plancher du conteneur, les composantes \u00e9lectriques, etc.<\/p>\n","protected":false},"author":13,"featured_media":7121,"parent":7875,"menu_order":0,"comment_status":"closed","ping_status":"closed","template":"page-fc.php","meta":{"_acf_changed":false,"ngg_post_thumbnail":0,"footnotes":""},"class_list":["post-7950","page","type-page","status-publish","has-post-thumbnail","hentry"],"acf":[],"yoast_head":"<!-- This site is optimized with the Yoast SEO plugin v26.9 - https:\/\/yoast.com\/product\/yoast-seo-wordpress\/ -->\n<title>Conteneurs Bureaux Personnalis\u00e9s | Bureaux Modulaires Mobiles<\/title>\n<meta name=\"description\" content=\"Cr\u00e9ez un bureau mobile sur mesure adapt\u00e9 \u00e0 vos besoins avec ATS : atelier, cuisine, salle de bain, mini-entrep\u00f4t. Isolation, \u00e9lectricit\u00e9 et finition personnalis\u00e9e.\" \/>\n<meta name=\"robots\" content=\"index, follow, max-snippet:-1, max-image-preview:large, max-video-preview:-1\" \/>\n<link rel=\"canonical\" href=\"https:\/\/www.atscontainers.com\/fr\/produits\/bureaux-mobiles\/product\/bureau-mobile-sur-mesure\/\" \/>\n<meta property=\"og:locale\" content=\"fr_CA\" \/>\n<meta property=\"og:type\" content=\"article\" \/>\n<meta property=\"og:title\" content=\"Conteneurs Bureaux Personnalis\u00e9s | Bureaux Modulaires Mobiles\" \/>\n<meta property=\"og:description\" content=\"Cr\u00e9ez un bureau mobile sur mesure adapt\u00e9 \u00e0 vos besoins avec ATS : atelier, cuisine, salle de bain, mini-entrep\u00f4t. Isolation, \u00e9lectricit\u00e9 et finition personnalis\u00e9e.\" \/>\n<meta property=\"og:url\" content=\"https:\/\/www.atscontainers.com\/fr\/produits\/bureaux-mobiles\/product\/bureau-mobile-sur-mesure\/\" \/>\n<meta property=\"og:site_name\" content=\"ATS Containers\" \/>\n<meta property=\"article:publisher\" content=\"https:\/\/www.facebook.com\/atscontainers\/\" \/>\n<meta property=\"article:modified_time\" content=\"2025-10-31T20:17:51+00:00\" \/>\n<meta property=\"og:image\" content=\"https:\/\/www.atscontainers.com\/wp-content\/uploads\/2021\/10\/Custom-Mobile-Office-Solutions.jpg\" \/>\n\t<meta property=\"og:image:width\" content=\"900\" \/>\n\t<meta property=\"og:image:height\" content=\"600\" \/>\n\t<meta property=\"og:image:type\" content=\"image\/jpeg\" \/>\n<meta name=\"twitter:card\" content=\"summary_large_image\" \/>\n<meta name=\"twitter:site\" content=\"@atscontainers\" \/>\n<meta name=\"twitter:label1\" content=\"Estimation du temps de lecture\" \/>\n\t<meta name=\"twitter:data1\" content=\"1 minute\" \/>\n<script type=\"application\/ld+json\" class=\"yoast-schema-graph\">{\"@context\":\"https:\/\/schema.org\",\"@graph\":[{\"@type\":\"WebPage\",\"@id\":\"https:\/\/www.atscontainers.com\/fr\/produits\/bureaux-mobiles\/product\/bureau-mobile-sur-mesure\/\",\"url\":\"https:\/\/www.atscontainers.com\/fr\/produits\/bureaux-mobiles\/product\/bureau-mobile-sur-mesure\/\",\"name\":\"Conteneurs Bureaux Personnalis\u00e9s | Bureaux Modulaires Mobiles\",\"isPartOf\":{\"@id\":\"https:\/\/www.atscontainers.com\/fr\/#website\"},\"primaryImageOfPage\":{\"@id\":\"https:\/\/www.atscontainers.com\/fr\/produits\/bureaux-mobiles\/product\/bureau-mobile-sur-mesure\/#primaryimage\"},\"image\":{\"@id\":\"https:\/\/www.atscontainers.com\/fr\/produits\/bureaux-mobiles\/product\/bureau-mobile-sur-mesure\/#primaryimage\"},\"thumbnailUrl\":\"https:\/\/www.atscontainers.com\/wp-content\/uploads\/2021\/10\/Custom-Mobile-Office-Solutions.jpg\",\"datePublished\":\"2018-05-28T11:49:04+00:00\",\"dateModified\":\"2025-10-31T20:17:51+00:00\",\"description\":\"Cr\u00e9ez un bureau mobile sur mesure adapt\u00e9 \u00e0 vos besoins avec ATS : atelier, cuisine, salle de bain, mini-entrep\u00f4t. Isolation, \u00e9lectricit\u00e9 et finition personnalis\u00e9e.\",\"breadcrumb\":{\"@id\":\"https:\/\/www.atscontainers.com\/fr\/produits\/bureaux-mobiles\/product\/bureau-mobile-sur-mesure\/#breadcrumb\"},\"inLanguage\":\"fr-CA\",\"potentialAction\":[{\"@type\":\"ReadAction\",\"target\":[\"https:\/\/www.atscontainers.com\/fr\/produits\/bureaux-mobiles\/product\/bureau-mobile-sur-mesure\/\"]}]},{\"@type\":\"ImageObject\",\"inLanguage\":\"fr-CA\",\"@id\":\"https:\/\/www.atscontainers.com\/fr\/produits\/bureaux-mobiles\/product\/bureau-mobile-sur-mesure\/#primaryimage\",\"url\":\"https:\/\/www.atscontainers.com\/wp-content\/uploads\/2021\/10\/Custom-Mobile-Office-Solutions.jpg\",\"contentUrl\":\"https:\/\/www.atscontainers.com\/wp-content\/uploads\/2021\/10\/Custom-Mobile-Office-Solutions.jpg\",\"width\":900,\"height\":600},{\"@type\":\"BreadcrumbList\",\"@id\":\"https:\/\/www.atscontainers.com\/fr\/produits\/bureaux-mobiles\/product\/bureau-mobile-sur-mesure\/#breadcrumb\",\"itemListElement\":[{\"@type\":\"ListItem\",\"position\":1,\"name\":\"Home\",\"item\":\"https:\/\/www.atscontainers.com\/fr\/\"},{\"@type\":\"ListItem\",\"position\":2,\"name\":\"Conteneurs \u00e0 Vendre\",\"item\":\"https:\/\/www.atscontainers.com\/fr\/produits\/\"},{\"@type\":\"ListItem\",\"position\":3,\"name\":\"BUREAUX MOBILES\",\"item\":\"https:\/\/www.atscontainers.com\/fr\/produits\/bureaux-mobiles\/\"},{\"@type\":\"ListItem\",\"position\":4,\"name\":\"Bureau Mobile Sur Mesure\"}]},{\"@type\":\"WebSite\",\"@id\":\"https:\/\/www.atscontainers.com\/fr\/#website\",\"url\":\"https:\/\/www.atscontainers.com\/fr\/\",\"name\":\"ATS Containers\",\"description\":\"\",\"publisher\":{\"@id\":\"https:\/\/www.atscontainers.com\/fr\/#organization\"},\"potentialAction\":[{\"@type\":\"SearchAction\",\"target\":{\"@type\":\"EntryPoint\",\"urlTemplate\":\"https:\/\/www.atscontainers.com\/fr\/?s={search_term_string}\"},\"query-input\":{\"@type\":\"PropertyValueSpecification\",\"valueRequired\":true,\"valueName\":\"search_term_string\"}}],\"inLanguage\":\"fr-CA\"},{\"@type\":\"Organization\",\"@id\":\"https:\/\/www.atscontainers.com\/fr\/#organization\",\"name\":\"ATS Containers\",\"url\":\"https:\/\/www.atscontainers.com\/fr\/\",\"logo\":{\"@type\":\"ImageObject\",\"inLanguage\":\"fr-CA\",\"@id\":\"https:\/\/www.atscontainers.com\/fr\/#\/schema\/logo\/image\/\",\"url\":\"https:\/\/www.atscontainers.com\/wp-content\/uploads\/2018\/09\/ats-containers-canada_.png\",\"contentUrl\":\"https:\/\/www.atscontainers.com\/wp-content\/uploads\/2018\/09\/ats-containers-canada_.png\",\"width\":500,\"height\":500,\"caption\":\"ATS Containers\"},\"image\":{\"@id\":\"https:\/\/www.atscontainers.com\/fr\/#\/schema\/logo\/image\/\"},\"sameAs\":[\"https:\/\/www.facebook.com\/atscontainers\/\",\"https:\/\/x.com\/atscontainers\",\"https:\/\/www.instagram.com\/atscontainers\/\",\"https:\/\/www.linkedin.com\/company\/ats-container-services\/\"]}]}<\/script>\n<!-- \/ Yoast SEO plugin. -->","yoast_head_json":{"title":"Conteneurs Bureaux Personnalis\u00e9s | Bureaux Modulaires Mobiles","description":"Cr\u00e9ez un bureau mobile sur mesure adapt\u00e9 \u00e0 vos besoins avec ATS : atelier, cuisine, salle de bain, mini-entrep\u00f4t. Isolation, \u00e9lectricit\u00e9 et finition personnalis\u00e9e.","robots":{"index":"index","follow":"follow","max-snippet":"max-snippet:-1","max-image-preview":"max-image-preview:large","max-video-preview":"max-video-preview:-1"},"canonical":"https:\/\/www.atscontainers.com\/fr\/produits\/bureaux-mobiles\/product\/bureau-mobile-sur-mesure\/","og_locale":"fr_CA","og_type":"article","og_title":"Conteneurs Bureaux Personnalis\u00e9s | Bureaux Modulaires Mobiles","og_description":"Cr\u00e9ez un bureau mobile sur mesure adapt\u00e9 \u00e0 vos besoins avec ATS : atelier, cuisine, salle de bain, mini-entrep\u00f4t. Isolation, \u00e9lectricit\u00e9 et finition personnalis\u00e9e.","og_url":"https:\/\/www.atscontainers.com\/fr\/produits\/bureaux-mobiles\/product\/bureau-mobile-sur-mesure\/","og_site_name":"ATS Containers","article_publisher":"https:\/\/www.facebook.com\/atscontainers\/","article_modified_time":"2025-10-31T20:17:51+00:00","og_image":[{"width":900,"height":600,"url":"https:\/\/www.atscontainers.com\/wp-content\/uploads\/2021\/10\/Custom-Mobile-Office-Solutions.jpg","type":"image\/jpeg"}],"twitter_card":"summary_large_image","twitter_site":"@atscontainers","twitter_misc":{"Estimation du temps de lecture":"1 minute"},"schema":{"@context":"https:\/\/schema.org","@graph":[{"@type":"WebPage","@id":"https:\/\/www.atscontainers.com\/fr\/produits\/bureaux-mobiles\/product\/bureau-mobile-sur-mesure\/","url":"https:\/\/www.atscontainers.com\/fr\/produits\/bureaux-mobiles\/product\/bureau-mobile-sur-mesure\/","name":"Conteneurs Bureaux Personnalis\u00e9s | Bureaux Modulaires Mobiles","isPartOf":{"@id":"https:\/\/www.atscontainers.com\/fr\/#website"},"primaryImageOfPage":{"@id":"https:\/\/www.atscontainers.com\/fr\/produits\/bureaux-mobiles\/product\/bureau-mobile-sur-mesure\/#primaryimage"},"image":{"@id":"https:\/\/www.atscontainers.com\/fr\/produits\/bureaux-mobiles\/product\/bureau-mobile-sur-mesure\/#primaryimage"},"thumbnailUrl":"https:\/\/www.atscontainers.com\/wp-content\/uploads\/2021\/10\/Custom-Mobile-Office-Solutions.jpg","datePublished":"2018-05-28T11:49:04+00:00","dateModified":"2025-10-31T20:17:51+00:00","description":"Cr\u00e9ez un bureau mobile sur mesure adapt\u00e9 \u00e0 vos besoins avec ATS : atelier, cuisine, salle de bain, mini-entrep\u00f4t. Isolation, \u00e9lectricit\u00e9 et finition personnalis\u00e9e.","breadcrumb":{"@id":"https:\/\/www.atscontainers.com\/fr\/produits\/bureaux-mobiles\/product\/bureau-mobile-sur-mesure\/#breadcrumb"},"inLanguage":"fr-CA","potentialAction":[{"@type":"ReadAction","target":["https:\/\/www.atscontainers.com\/fr\/produits\/bureaux-mobiles\/product\/bureau-mobile-sur-mesure\/"]}]},{"@type":"ImageObject","inLanguage":"fr-CA","@id":"https:\/\/www.atscontainers.com\/fr\/produits\/bureaux-mobiles\/product\/bureau-mobile-sur-mesure\/#primaryimage","url":"https:\/\/www.atscontainers.com\/wp-content\/uploads\/2021\/10\/Custom-Mobile-Office-Solutions.jpg","contentUrl":"https:\/\/www.atscontainers.com\/wp-content\/uploads\/2021\/10\/Custom-Mobile-Office-Solutions.jpg","width":900,"height":600},{"@type":"BreadcrumbList","@id":"https:\/\/www.atscontainers.com\/fr\/produits\/bureaux-mobiles\/product\/bureau-mobile-sur-mesure\/#breadcrumb","itemListElement":[{"@type":"ListItem","position":1,"name":"Home","item":"https:\/\/www.atscontainers.com\/fr\/"},{"@type":"ListItem","position":2,"name":"Conteneurs \u00e0 Vendre","item":"https:\/\/www.atscontainers.com\/fr\/produits\/"},{"@type":"ListItem","position":3,"name":"BUREAUX MOBILES","item":"https:\/\/www.atscontainers.com\/fr\/produits\/bureaux-mobiles\/"},{"@type":"ListItem","position":4,"name":"Bureau Mobile Sur Mesure"}]},{"@type":"WebSite","@id":"https:\/\/www.atscontainers.com\/fr\/#website","url":"https:\/\/www.atscontainers.com\/fr\/","name":"ATS Containers","description":"","publisher":{"@id":"https:\/\/www.atscontainers.com\/fr\/#organization"},"potentialAction":[{"@type":"SearchAction","target":{"@type":"EntryPoint","urlTemplate":"https:\/\/www.atscontainers.com\/fr\/?s={search_term_string}"},"query-input":{"@type":"PropertyValueSpecification","valueRequired":true,"valueName":"search_term_string"}}],"inLanguage":"fr-CA"},{"@type":"Organization","@id":"https:\/\/www.atscontainers.com\/fr\/#organization","name":"ATS Containers","url":"https:\/\/www.atscontainers.com\/fr\/","logo":{"@type":"ImageObject","inLanguage":"fr-CA","@id":"https:\/\/www.atscontainers.com\/fr\/#\/schema\/logo\/image\/","url":"https:\/\/www.atscontainers.com\/wp-content\/uploads\/2018\/09\/ats-containers-canada_.png","contentUrl":"https:\/\/www.atscontainers.com\/wp-content\/uploads\/2018\/09\/ats-containers-canada_.png","width":500,"height":500,"caption":"ATS Containers"},"image":{"@id":"https:\/\/www.atscontainers.com\/fr\/#\/schema\/logo\/image\/"},"sameAs":["https:\/\/www.facebook.com\/atscontainers\/","https:\/\/x.com\/atscontainers","https:\/\/www.instagram.com\/atscontainers\/","https:\/\/www.linkedin.com\/company\/ats-container-services\/"]}]}},"_links":{"self":[{"href":"https:\/\/www.atscontainers.com\/fr\/wp-json\/wp\/v2\/pages\/7950","targetHints":{"allow":["GET"]}}],"collection":[{"href":"https:\/\/www.atscontainers.com\/fr\/wp-json\/wp\/v2\/pages"}],"about":[{"href":"https:\/\/www.atscontainers.com\/fr\/wp-json\/wp\/v2\/types\/page"}],"author":[{"embeddable":true,"href":"https:\/\/www.atscontainers.com\/fr\/wp-json\/wp\/v2\/users\/13"}],"replies":[{"embeddable":true,"href":"https:\/\/www.atscontainers.com\/fr\/wp-json\/wp\/v2\/comments?post=7950"}],"version-history":[{"count":6,"href":"https:\/\/www.atscontainers.com\/fr\/wp-json\/wp\/v2\/pages\/7950\/revisions"}],"predecessor-version":[{"id":13994,"href":"https:\/\/www.atscontainers.com\/fr\/wp-json\/wp\/v2\/pages\/7950\/revisions\/13994"}],"up":[{"embeddable":true,"href":"https:\/\/www.atscontainers.com\/fr\/wp-json\/wp\/v2\/pages\/7875"}],"wp:featuredmedia":[{"embeddable":true,"href":"https:\/\/www.atscontainers.com\/fr\/wp-json\/wp\/v2\/media\/7121"}],"wp:attachment":[{"href":"https:\/\/www.atscontainers.com\/fr\/wp-json\/wp\/v2\/media?parent=7950"}],"curies":[{"name":"wp","href":"https:\/\/api.w.org\/{rel}","templated":true}]}}